{"id":586,"date":"2021-07-28T13:21:43","date_gmt":"2021-07-28T11:21:43","guid":{"rendered":"https:\/\/makerart.es\/?page_id=586"},"modified":"2021-07-28T13:57:03","modified_gmt":"2021-07-28T11:57:03","slug":"586-2","status":"publish","type":"page","link":"https:\/\/makerart.es\/sobre-makerart\/equipo\/586-2\/","title":{"rendered":"Esteban Romero Fr\u00edas"},"content":{"rendered":"\n<div style=\"height:20px\" aria-hidden=\"true\" class=\"wp-block-spacer\"><\/div>\n\n\n\n<div class=\"wp-block-media-text alignwide has-media-on-the-right is-stacked-on-mobile is-vertically-aligned-center is-image-fill\" style=\"grid-template-columns:auto 35%\"><figure class=\"wp-block-media-text__media\" style=\"background-image:url(https:\/\/makerart.es\/wp-content\/uploads\/2021\/07\/esteban-perfil.jpg);background-position:43% 43%\"><img decoding=\"async\" loading=\"lazy\" width=\"960\" height=\"960\" src=\"https:\/\/makerart.es\/wp-content\/uploads\/2021\/07\/esteban-perfil.jpg\" alt=\"\" class=\"wp-image-587 size-full\" srcset=\"https:\/\/makerart.es\/wp-content\/uploads\/2021\/07\/esteban-perfil.jpg 960w, https:\/\/makerart.es\/wp-content\/uploads\/2021\/07\/esteban-perfil-300x300.jpg 300w, https:\/\/makerart.es\/wp-content\/uploads\/2021\/07\/esteban-perfil-150x150.jpg 150w, https:\/\/makerart.es\/wp-content\/uploads\/2021\/07\/esteban-perfil-768x768.jpg 768w, https:\/\/makerart.es\/wp-content\/uploads\/2021\/07\/esteban-perfil-640x640.jpg 640w\" sizes=\"(max-width: 639px) 98vw, (max-width: 1199px) 64vw, 770px\" \/><\/figure><div class=\"wp-block-media-text__content\">\n<pre id=\"block-e00dcaf1-f62c-49a1-b142-7c0dad06148f\" class=\"wp-block-preformatted\"><strong>Universidad de Granada\u00a0\u00a0\u00a0\u00a0\u00a0\u00a0\u00a0\u00a0\u00a0\u00a0<\/strong>\n<a href=\"mailto:erf@ugr.es\"><a>erf@ugr.es<\/a><\/a>\n\n<\/pre>\n\n\n\n<p>Esteban Romero Fr\u00edas. Profesor Titular de la Universidad de Granada en el Departamento de Econom\u00eda Financiera y Contabilidad. Doctor en Contabilidad. Investiga en temas relacionados con innovaci\u00f3n social, aprendizaje digital, Ciencias Sociales y Humanidades Digitales y an\u00e1lisis de redes sociales. Ha publicado art\u00edculos en revistas como Plos One, Journal of Informetrics, Scientometrics, JASIST, Neurocomputing, Comunicar, o Journal of Educational Computing Research, entre otras. Cuenta con 2 sexenios de investigaci\u00f3n y 1 sexenio de transferencia de conocimiento e innovaci\u00f3n. Ha formado parte de proyectos de investigaci\u00f3n, como miembro del equipo de investigaci\u00f3n y como investigador principal, a nivel regional, nacional e internacional, as\u00ed como en convocatorias de entidades privadas. Entre sus acciones formativas es docente del M\u00e1ster en Direcci\u00f3n y Liderazgo P\u00fablicos en el Instituto Nacional de Administraci\u00f3n P\u00fablica.<\/p>\n<\/div><\/div>\n\n\n\n<div style=\"height:20px\" aria-hidden=\"true\" class=\"wp-block-spacer\"><\/div>\n\n\n\n<p>Actualmente, Director de Participaci\u00f3n e Innovaci\u00f3n Social de la Universidad de Granada, y Director de Medialab UGR &#8211; Laboratorio de Investigaci\u00f3n en Cultura y Sociedad Digital. En este marco, ha liderado proyectos como: LabINGranada &#8211; Laboratorio de Innovaci\u00f3n Ciudadana de Granada (<a href=\"https:\/\/labingranada.org\/\">https:\/\/labingranada.org\/<\/a>); Laboratorio 717 &#8211; Laboratorio de Participaci\u00f3n e Innovaci\u00f3n Democr\u00e1tica de Andaluc\u00eda (<a href=\"https:\/\/laboratorio717.org\/\">https:\/\/laboratorio717.org\/<\/a>); Red UnInP\u00fablica &#8211; Red de Universidades por la Innovaci\u00f3n P\u00fablica (<a href=\"https:\/\/uninpublica.net\/\">https:\/\/uninpublica.net\/<\/a>); entre otros. Ha sido investigador principal de proyectos como <strong>\u201cMAKER ART: propuesta para la transformaci\u00f3n digital de la industria cultural relacionada con la artesan\u00eda, a trav\u00e9s del dise\u00f1o, los procesos colaborativos y la cultura Maker\u201d<\/strong>. (convocatoria 2018 de proyectos FEDER de la Junta de Andaluc\u00eda) o <strong>\u201cKnowmetrics: evaluaci\u00f3n del conocimiento en la sociedad digital\u201d<\/strong> (Fundaci\u00f3n BBVA).<\/p>\n\n\n\n<p>En el \u00e1mbito de la profesi\u00f3n economista, es Presidente del Registro de Expertos en Econom\u00eda y Transformaci\u00f3n Digital del Consejo General de Economistas, as\u00ed como miembro del Observatorio de Transformaci\u00f3n Digital del Registro de Expertos Contables.&nbsp;<\/p>\n\n\n\n<p>M\u00e1s informaci\u00f3n en <a href=\"http:\/\/estebanromero.com\/\">http:\/\/estebanromero.com\/<\/a><\/p>\n\n\n\n<ul><li><strong>Perfiles acad\u00e9micos<\/strong>:\u00a0<a href=\"http:\/\/scholar.google.com\/citations?user=QJwYW_cAAAAJ&amp;hl=en\">Google Scholar<\/a>\u00a0|\u00a0<a href=\"https:\/\/ugr.academia.edu\/EstebanRomeroFrias\">Academia.edu<\/a>\u00a0|\u00a0<a href=\"http:\/\/www.mendeley.com\/profiles\/esteban-romero-frias\/\">Mendeley<\/a>\u00a0|\u00a0<a href=\"https:\/\/publons.com\/researcher\/2505626\/esteban-romero-frias\/\">Publons<\/a><\/li><li><strong>Researcher ID<\/strong>:\u00a0<a href=\"http:\/\/www.researcherid.com\/rid\/I-8809-2014\">I-8809-2014<\/a><\/li><li><strong>C\u00f3digo Orcid<\/strong>:\u00a0<a href=\"http:\/\/orcid.org\/0000-0003-2205-3560\">0000-0003-2205-3560<\/a><\/li><li><strong>Twitter<\/strong>:\u00a0<a href=\"http:\/\/twitter.com\/polisea\">@polisea<\/a><\/li><\/ul>\n\n\n\n<p><\/p>\n","protected":false},"excerpt":{"rendered":"<p>Universidad de Granada\u00a0\u00a0\u00a0\u00a0\u00a0\u00a0\u00a0\u00a0\u00a0\u00a0 erf@ugr.es Esteban Romero Fr\u00edas. Profesor Titular de la Universidad de Granada en el Departamento de Econom\u00eda Financiera y Contabilidad. Doctor en Contabilidad. Investiga en temas relacionados con innovaci\u00f3n social, aprendizaje digital, Ciencias Sociales y Humanidades Digitales y an\u00e1lisis de redes sociales. Ha publicado art\u00edculos en revistas como Plos One, Journal of Informetrics, [&hellip;]<\/p>\n","protected":false},"author":1,"featured_media":0,"parent":509,"menu_order":0,"comment_status":"closed","ping_status":"closed","template":"page-templates\/page-full-width.php","meta":{"footnotes":""},"_links":{"self":[{"href":"https:\/\/makerart.es\/API\/wp\/v2\/pages\/586"}],"collection":[{"href":"https:\/\/makerart.es\/API\/wp\/v2\/pages"}],"about":[{"href":"https:\/\/makerart.es\/API\/wp\/v2\/types\/page"}],"author":[{"embeddable":true,"href":"https:\/\/makerart.es\/API\/wp\/v2\/users\/1"}],"replies":[{"embeddable":true,"href":"https:\/\/makerart.es\/API\/wp\/v2\/comments?post=586"}],"version-history":[{"count":8,"href":"https:\/\/makerart.es\/API\/wp\/v2\/pages\/586\/revisions"}],"predecessor-version":[{"id":596,"href":"https:\/\/makerart.es\/API\/wp\/v2\/pages\/586\/revisions\/596"}],"up":[{"embeddable":true,"href":"https:\/\/makerart.es\/API\/wp\/v2\/pages\/509"}],"wp:attachment":[{"href":"https:\/\/makerart.es\/API\/wp\/v2\/media?parent=586"}],"curies":[{"name":"wp","href":"https:\/\/api.w.org\/{rel}","templated":true}]}}